{"id":699,"date":"2019-08-21T08:03:20","date_gmt":"2019-08-21T07:03:20","guid":{"rendered":"http:\/\/le-chaf.be\/?page_id=699"},"modified":"2024-03-20T19:50:48","modified_gmt":"2024-03-20T18:50:48","slug":"les-perles","status":"publish","type":"page","link":"https:\/\/le-chaf.be\/index.php\/les-perles\/","title":{"rendered":"Les perles&#8230;"},"content":{"rendered":"\n<figure class=\"wp-block-image\"><img loading=\"lazy\" decoding=\"async\" width=\"1024\" height=\"576\" src=\"https:\/\/le-chaf.be\/wp-content\/uploads\/2019\/08\/maxresdefault-1024x576.jpg\" alt=\"\" class=\"wp-image-924\" srcset=\"https:\/\/le-chaf.be\/wp-content\/uploads\/2019\/08\/maxresdefault-1024x576.jpg 1024w, https:\/\/le-chaf.be\/wp-content\/uploads\/2019\/08\/maxresdefault-300x169.jpg 300w, https:\/\/le-chaf.be\/wp-content\/uploads\/2019\/08\/maxresdefault-768x432.jpg 768w, https:\/\/le-chaf.be\/wp-content\/uploads\/2019\/08\/maxresdefault-533x300.jpg 533w, https:\/\/le-chaf.be\/wp-content\/uploads\/2019\/08\/maxresdefault.jpg 1280w\" sizes=\"auto, (max-width: 1024px) 100vw, 1024px\" \/><\/figure>\n\n\n\n<ul class=\"wp-block-list\"><li><strong>Linda re\u00e7oit sa m\u00e9dication au petit d\u00e9jeuner: \u00ab\u00a0B\u00e9ni soit le Seigneur!\u00a0\u00bb (en prenant ses comprim\u00e9s comme des hosties)<\/strong><\/li><\/ul>\n\n\n\n<ul class=\"wp-block-list\"><li><strong>Sophie \u00ab\u00a0J&rsquo;ai perdu un morceau d&rsquo;ongle de ma dent\u00a0\u00bb<\/strong><\/li><\/ul>\n\n\n\n<ul class=\"wp-block-list\"><li><strong>Chantal \u00ab\u00a0J&rsquo;\u00e9tais tout pr\u00e8s de pas loin\u00a0\u00bb<\/strong><\/li><\/ul>\n\n\n\n<ul class=\"wp-block-list\"><li><strong>Nicolas \u00ab\u00a0J&rsquo;ai maigri, je fais 1m73!\u00a0\u00bb<\/strong><\/li><\/ul>\n\n\n\n<ul class=\"wp-block-list\"><li><strong>Une \u00e9ducatrice est venue avec son chien&#8230;Nicolas&nbsp; \u00ab\u00a0Elle m&rsquo;a dit bonjour la femelle\u00a0\u00bb<\/strong><\/li><\/ul>\n\n\n\n<ul class=\"wp-block-list\"><li><strong>Sophie \u00a0\u00bb C&rsquo;est supositoire\u00a0\u00bb (provisoire)<\/strong><\/li><\/ul>\n\n\n\n<ul class=\"wp-block-list\"><li><strong>Jeanine qui lit l&rsquo;heure \u00ab\u00a0Il est 14h20 et demi\u00a0\u00bb (14h25)<\/strong><\/li><\/ul>\n\n\n\n<ul class=\"wp-block-list\"><li><strong>Christian \u00ab Dis-moi comment trouver la faille du syst\u00e8me \u00bb<\/strong><\/li><\/ul>\n\n\n\n<ul class=\"wp-block-list\"><li><strong>A une \u00e9ducatrice qui lui dit \u00ab En route petite moule \u00bb, Linda r\u00e9pond \u00ab Je suis pas une moule, je suis un moustique! \u00bb<\/strong><\/li><\/ul>\n\n\n\n<ul class=\"wp-block-list\"><li><strong>Nicolas \u00ab\u00a0On est all\u00e9s \u00e0 \u00ab\u00a0Wankenberk\u00a0\u00bb et j&rsquo;ai vu des \u00e9toiles de mer volantes!\u00a0\u00bb<\/strong><\/li><\/ul>\n\n\n\n<ul class=\"wp-block-list\"><li><strong>Ana\u00efs (21ans) \u00ab\u00a0J&rsquo;ai plus 30 ans hein moi!\u00a0\u00bb<\/strong><\/li><\/ul>\n\n\n\n<ul class=\"wp-block-list\"><li><strong>Jean-Pol \u00ab\u00a0je suis trop contente, au soir je mange des crottes monsieur avec maman\u00a0\u00bb<\/strong><\/li><\/ul>\n\n\n\n<ul class=\"wp-block-list\"><li><strong>Nathalie \u00ab\u00a0j&rsquo;ai eu le CD de Popokora pour les f\u00eates\u00a0\u00bb<\/strong><\/li><\/ul>\n\n\n\n<ul class=\"wp-block-list\"><li><strong>Linda \u00ab\u00a0J&rsquo;aime bien My Braank\u00a0\u00bb (Mike Brant)<\/strong><\/li><\/ul>\n\n\n\n<ul class=\"wp-block-list\"><li><strong>Sophie \u00ab\u00a0Les cateurs sont gentils\u00a0\u00bb (les \u00e9ducateurs)<\/strong><\/li><\/ul>\n\n\n\n<ul class=\"wp-block-list\"><li><strong>Nicolas \u00ab\u00a0C\u00e9cile elle boit de la Complex\u00a0\u00bb<\/strong><\/li><\/ul>\n\n\n\n<ul class=\"wp-block-list\"><li><strong>Christian \u00ab\u00a0Je rentre aujourd&rsquo;hui\u00a0\u00bb &#8230; \u00ab\u00a0Non Christian\u00a0\u00bb &#8230; \u00ab\u00a0Ah c&rsquo;est que maman a mal lu dans ma t\u00eate\u00a0\u00bb<\/strong><\/li><\/ul>\n\n\n\n<ul class=\"wp-block-list\"><li><strong>Nicolas&nbsp; \u00ab\u00a0Elles sont bonnes les pralines adadas\u00a0\u00bb<\/strong><\/li><\/ul>\n\n\n\n<ul class=\"wp-block-list\"><li><strong>Ana\u00efs \u00a0\u00bb J&rsquo;ai mang\u00e9 un dessert \u00e0 la cruffe\u00a0\u00bb<\/strong><\/li><\/ul>\n\n\n\n<ul class=\"wp-block-list\"><li><strong>Christian \u00ab\u00a0Mais qui a d\u00e9cid\u00e9 qu&rsquo;on ne pouvait pas aller dans les chambres? &#8230; Le gouvernement???\u00a0\u00bb<\/strong><\/li><\/ul>\n\n\n\n<ul class=\"wp-block-list\"><li><strong>Jean-Pol \u00a0\u00bb Demain je viens avec maman voir la tante sociale\u00a0\u00bb<\/strong><\/li><\/ul>\n\n\n\n<ul class=\"wp-block-list\"><li><strong>Nicolas&nbsp; \u00ab\u00a0Je l&rsquo;ai vu sur Fraisebook\u00a0\u00bb<\/strong><\/li><\/ul>\n\n\n\n<ul class=\"wp-block-list\"><li><strong>Linda \u00ab\u00a0Ooooh que tu es jolie aujourd&rsquo;hui&#8230;manante!\u00a0\u00bb<\/strong><\/li><\/ul>\n\n\n\n<ul class=\"wp-block-list\"><li><strong>Nicolas est all\u00e9 visiter une r\u00e9serve naturelle. Un panneau interdisait au public de nourrir les animaux. Deux semaines plus tard, Nicolas demande \u00e0 un \u00e9ducateur \u00ab\u00a0Tu crois qu&rsquo;ils sont toujours vivants les animaux?\u00a0\u00bb<\/strong><\/li><\/ul>\n\n\n\n<ul class=\"wp-block-list\"><li><strong>Jean-Pierre \u00ab\u00a0Je suis sorti \u00e0 Charleroi pour prendre un peu l&rsquo;air pur\u00a0\u00bb<\/strong><\/li><\/ul>\n\n\n\n<ul class=\"wp-block-list\"><li><strong>Ana\u00efs \u00ab\u00a0Elle s&rsquo;est p\u00e9t\u00e9 la t\u00eate dans le front!\u00a0\u00bb<\/strong><\/li><\/ul>\n\n\n\n<ul class=\"wp-block-list\"><li><strong>Nicolas \u00ab\u00a0Laurence, t&rsquo;as ta monopause?\u00a0\u00bb<\/strong><\/li><\/ul>\n\n\n\n<ul class=\"wp-block-list\"><li><strong>Jean-Pol \u00ab\u00a0J&rsquo;aime bien le Ol au vent\u00a0\u00bb<\/strong><\/li><\/ul>\n\n\n\n<ul class=\"wp-block-list\"><li><strong>Nicolas aime beaucoup \u00ab\u00a0Michel Scabrel\u00a0\u00bb et Ana\u00efs \u00ab\u00a0Claud Famfoi\u00a0\u00bb<\/strong><\/li><\/ul>\n\n\n\n<ul class=\"wp-block-list\"><li><strong>Une \u00e9ducatrice demande tu cherches quoi louloute? Et Linda r\u00e9pond \u00ab\u00a0un fant\u00f4me!\u00a0\u00bb<\/strong><\/li><\/ul>\n\n\n\n<ul class=\"wp-block-list\"><li><strong>Jean-Pol \u00ab\u00a0Laurence m&rsquo;a demand\u00e9 la patule\u00a0\u00bb<\/strong><\/li><\/ul>\n\n\n\n<ul class=\"wp-block-list\"><li><strong>Roger \u00ab\u00a0On n&rsquo;est plus jeune \u00e0 40 ans&#8230;c&rsquo;est les m\u00e9dicaments qui font \u00e7a\u00a0\u00bb<\/strong><\/li><\/ul>\n\n\n\n<ul class=\"wp-block-list\"><li><strong>Jean-Pol \u00ab\u00a0Laurence, je voudrais aller \u00e0 Bruxelles avec toi voir Makenpis!\u00a0\u00bb<\/strong><\/li><\/ul>\n\n\n\n<p><strong><em>Les anonymes&#8230;<\/em><\/strong><\/p>\n\n\n\n<ul class=\"wp-block-list\"><li><strong>\u00ab\u00a0Ca chauffe bien un vibro canin\u00a0\u00bb (il fallait comprendre Zibro Kamin)<\/strong> <\/li><\/ul>\n\n\n\n<ul class=\"wp-block-list\"><li> <strong>\u00ab\u00a0Il a beaucoup de cire humaine dans les oreilles\u00a0\u00bb (c\u00e9rumen)<\/strong>  <\/li><\/ul>\n\n\n\n<ul class=\"wp-block-list\"><li> <strong>\u00ab\u00a0Nous allons pr\u00e9parer le th\u00e9\u00e2tre de l&rsquo;ann\u00e9e derni\u00e8re\u00a0\u00bb<\/strong>  <\/li><\/ul>\n\n\n\n<ul class=\"wp-block-list\"><li><strong>\u00ab\u00a0Tu \u00e9cris comment \u00ab\u00a0Pape mobile\u00a0\u00bb?\u00a0\u00bb<\/strong><\/li><\/ul>\n","protected":false},"excerpt":{"rendered":"<p>Linda re\u00e7oit sa m\u00e9dication au petit d\u00e9jeuner: \u00ab\u00a0B\u00e9ni soit le Seigneur!\u00a0\u00bb (en prenant ses comprim\u00e9s comme des hosties) Sophie \u00ab\u00a0J&rsquo;ai perdu un morceau d&rsquo;ongle de ma dent\u00a0\u00bb Chantal \u00ab\u00a0J&rsquo;\u00e9tais tout pr\u00e8s de pas loin\u00a0\u00bb Nicolas \u00ab\u00a0J&rsquo;ai maigri, je fais 1m73!\u00a0\u00bb Une \u00e9ducatrice est venue avec son chien&#8230;Nicolas&nbsp; \u00ab\u00a0Elle m&rsquo;a dit bonjour la femelle\u00a0\u00bb Sophie \u00a0\u00bb&hellip; <a class=\"more-link\" href=\"https:\/\/le-chaf.be\/index.php\/les-perles\/\">Read More <span class=\"screen-reader-text\">Les perles&#8230;<\/span><\/a><\/p>\n","protected":false},"author":1,"featured_media":0,"parent":0,"menu_order":0,"comment_status":"closed","ping_status":"closed","template":"","meta":{"footnotes":""},"class_list":["post-699","page","type-page","status-publish","hentry"],"_links":{"self":[{"href":"https:\/\/le-chaf.be\/index.php\/wp-json\/wp\/v2\/pages\/699","targetHints":{"allow":["GET"]}}],"collection":[{"href":"https:\/\/le-chaf.be\/index.php\/wp-json\/wp\/v2\/pages"}],"about":[{"href":"https:\/\/le-chaf.be\/index.php\/wp-json\/wp\/v2\/types\/page"}],"author":[{"embeddable":true,"href":"https:\/\/le-chaf.be\/index.php\/wp-json\/wp\/v2\/users\/1"}],"replies":[{"embeddable":true,"href":"https:\/\/le-chaf.be\/index.php\/wp-json\/wp\/v2\/comments?post=699"}],"version-history":[{"count":17,"href":"https:\/\/le-chaf.be\/index.php\/wp-json\/wp\/v2\/pages\/699\/revisions"}],"predecessor-version":[{"id":1111,"href":"https:\/\/le-chaf.be\/index.php\/wp-json\/wp\/v2\/pages\/699\/revisions\/1111"}],"wp:attachment":[{"href":"https:\/\/le-chaf.be\/index.php\/wp-json\/wp\/v2\/media?parent=699"}],"curies":[{"name":"wp","href":"https:\/\/api.w.org\/{rel}","templated":true}]}}